{"id":78,"date":"2017-04-04T20:07:13","date_gmt":"2017-04-04T20:07:13","guid":{"rendered":"https:\/\/joaquinlois.com\/proyectoclarin\/?page_id=78"},"modified":"2022-06-02T11:08:40","modified_gmt":"2022-06-02T11:08:40","slug":"los-organos","status":"publish","type":"page","link":"https:\/\/joaquinlois.com\/proyectoclarin\/los-organos\/","title":{"rendered":"Los \u00d3rganos"},"content":{"rendered":"<div class=\"destacados\">\n<p style=\"text-align: center\">El Proyecto Clar\u00edn &nbsp;se centra en el <a href=\"https:\/\/joaquinlois.com\/proyectoclarin\/el-estilo\/\">estilo<\/a>,<br \/>\nno en un modelo determinado. Ofrecemos tanto el modelo inicial c\u00f3mo otras copias de \u00f3rganos hist\u00f3ricos ib\u00e9ricos as\u00ed como concepciones nuevas siguiendo las pautas estil\u00edsticas adecuadas.<\/p>\n<\/div>\n<hr>\n<p>La variedad es muy grande ya que&nbsp;en Espa\u00f1a se construyeron instrumentos de muy diferentes dimensiones y recursos pero todos ellos sin apartarse del &nbsp;estilo durante el siglo XVIII y buena parte del XIX.<\/p>\n<p>Nuestro taller tambi\u00e9n ha construido,&nbsp;fuera de este proyecto, \u00f3rganos inspirados en los \u00f3rganos barrocos espa\u00f1oles pero con concesiones al \u00f3rgano moderno. Ver&nbsp;<a href=\"https:\/\/www.joaquinlois.com\/organos\/construccion-organos-nuevos\/organo-la-massana-andorra\/\" target=\"_blank\" rel=\"noopener noreferrer\">Andorra<\/a>, <a href=\"https:\/\/www.joaquinlois.com\/organos\/construccion-organos-nuevos\/organo-neuchatel-suiza\/\" target=\"_blank\" rel=\"noopener noreferrer\">Serri\u00e8res<\/a> y &nbsp;<a href=\"https:\/\/www.joaquinlois.com\/organos\/construccion-organos-nuevos\/ciudad-de-panama\/\" target=\"_blank\" rel=\"noopener noreferrer\">La Merced (Panam\u00e1)<\/a>.<\/p>\n","protected":false},"excerpt":{"rendered":"<p>El Proyecto Clar\u00edn &nbsp;se centra en el estilo, no en un modelo determinado. Ofrecemos tanto el modelo inicial c\u00f3mo otras copias de \u00f3rganos hist\u00f3ricos ib\u00e9ricos as\u00ed como concepciones nuevas siguiendo las pautas estil\u00edsticas adecuadas. La variedad es muy grande ya que&nbsp;en Espa\u00f1a se construyeron instrumentos de muy diferentes dimensiones y recursos pero todos ellos sin [&hellip;]<\/p>\n","protected":false},"author":1,"featured_media":0,"parent":0,"menu_order":0,"comment_status":"closed","ping_status":"closed","template":"page-organos.php","meta":{"_acf_changed":false,"footnotes":""},"class_list":["post-78","page","type-page","status-publish","hentry"],"acf":[],"yoast_head":"<!-- This site is optimized with the Yoast SEO plugin v27.3 - https:\/\/yoast.com\/product\/yoast-seo-wordpress\/ -->\n<title>Los \u00d3rganos - Crarin Projet from Joaquin Lois<\/title>\n<meta name=\"robots\" content=\"noindex, follow, max-snippet:-1, max-image-preview:large, max-video-preview:-1\" \/>\n<meta property=\"og:locale\" content=\"es_ES\" \/>\n<meta property=\"og:type\" content=\"article\" \/>\n<meta property=\"og:title\" content=\"Los \u00d3rganos - Crarin Projet from Joaquin Lois\" \/>\n<meta property=\"og:description\" content=\"El Proyecto Clar\u00edn &nbsp;se centra en el estilo, no en un modelo determinado. Ofrecemos tanto el modelo inicial c\u00f3mo otras copias de \u00f3rganos hist\u00f3ricos ib\u00e9ricos as\u00ed como concepciones nuevas siguiendo las pautas estil\u00edsticas adecuadas. La variedad es muy grande ya que&nbsp;en Espa\u00f1a se construyeron instrumentos de muy diferentes dimensiones y recursos pero todos ellos sin [&hellip;]\" \/>\n<meta property=\"og:url\" content=\"https:\/\/joaquinlois.com\/proyectoclarin\/los-organos\/\" \/>\n<meta property=\"og:site_name\" content=\"Proyecto Clar\u00edn\" \/>\n<meta property=\"article:modified_time\" content=\"2022-06-02T11:08:40+00:00\" \/>\n<meta name=\"twitter:card\" content=\"summary_large_image\" \/>\n<meta name=\"twitter:label1\" content=\"Tiempo de lectura\" \/>\n\t<meta name=\"twitter:data1\" content=\"1 minuto\" \/>\n<script type=\"application\/ld+json\" class=\"yoast-schema-graph\">{\"@context\":\"https:\\\/\\\/schema.org\",\"@graph\":[{\"@type\":\"WebPage\",\"@id\":\"https:\\\/\\\/joaquinlois.com\\\/proyectoclarin\\\/los-organos\\\/\",\"url\":\"https:\\\/\\\/joaquinlois.com\\\/proyectoclarin\\\/los-organos\\\/\",\"name\":\"Los \u00d3rganos - Crarin Projet from Joaquin Lois\",\"isPartOf\":{\"@id\":\"https:\\\/\\\/joaquinlois.com\\\/proyectoclarin\\\/#website\"},\"datePublished\":\"2017-04-04T20:07:13+00:00\",\"dateModified\":\"2022-06-02T11:08:40+00:00\",\"inLanguage\":\"es\",\"potentialAction\":[{\"@type\":\"ReadAction\",\"target\":[\"https:\\\/\\\/joaquinlois.com\\\/proyectoclarin\\\/los-organos\\\/\"]}]},{\"@type\":\"WebSite\",\"@id\":\"https:\\\/\\\/joaquinlois.com\\\/proyectoclarin\\\/#website\",\"url\":\"https:\\\/\\\/joaquinlois.com\\\/proyectoclarin\\\/\",\"name\":\"Proyecto Clar\u00edn\",\"description\":\"Un \u00d3rgano Barroco Castellano\",\"potentialAction\":[{\"@type\":\"SearchAction\",\"target\":{\"@type\":\"EntryPoint\",\"urlTemplate\":\"https:\\\/\\\/joaquinlois.com\\\/proyectoclarin\\\/?s={search_term_string}\"},\"query-input\":{\"@type\":\"PropertyValueSpecification\",\"valueRequired\":true,\"valueName\":\"search_term_string\"}}],\"inLanguage\":\"es\"}]}<\/script>\n<!-- \/ Yoast SEO plugin. -->","yoast_head_json":{"title":"Los \u00d3rganos - Crarin Projet from Joaquin Lois","robots":{"index":"noindex","follow":"follow","max-snippet":"max-snippet:-1","max-image-preview":"max-image-preview:large","max-video-preview":"max-video-preview:-1"},"og_locale":"es_ES","og_type":"article","og_title":"Los \u00d3rganos - Crarin Projet from Joaquin Lois","og_description":"El Proyecto Clar\u00edn &nbsp;se centra en el estilo, no en un modelo determinado. Ofrecemos tanto el modelo inicial c\u00f3mo otras copias de \u00f3rganos hist\u00f3ricos ib\u00e9ricos as\u00ed como concepciones nuevas siguiendo las pautas estil\u00edsticas adecuadas. La variedad es muy grande ya que&nbsp;en Espa\u00f1a se construyeron instrumentos de muy diferentes dimensiones y recursos pero todos ellos sin [&hellip;]","og_url":"https:\/\/joaquinlois.com\/proyectoclarin\/los-organos\/","og_site_name":"Proyecto Clar\u00edn","article_modified_time":"2022-06-02T11:08:40+00:00","twitter_card":"summary_large_image","twitter_misc":{"Tiempo de lectura":"1 minuto"},"schema":{"@context":"https:\/\/schema.org","@graph":[{"@type":"WebPage","@id":"https:\/\/joaquinlois.com\/proyectoclarin\/los-organos\/","url":"https:\/\/joaquinlois.com\/proyectoclarin\/los-organos\/","name":"Los \u00d3rganos - Crarin Projet from Joaquin Lois","isPartOf":{"@id":"https:\/\/joaquinlois.com\/proyectoclarin\/#website"},"datePublished":"2017-04-04T20:07:13+00:00","dateModified":"2022-06-02T11:08:40+00:00","inLanguage":"es","potentialAction":[{"@type":"ReadAction","target":["https:\/\/joaquinlois.com\/proyectoclarin\/los-organos\/"]}]},{"@type":"WebSite","@id":"https:\/\/joaquinlois.com\/proyectoclarin\/#website","url":"https:\/\/joaquinlois.com\/proyectoclarin\/","name":"Proyecto Clar\u00edn","description":"Un \u00d3rgano Barroco Castellano","potentialAction":[{"@type":"SearchAction","target":{"@type":"EntryPoint","urlTemplate":"https:\/\/joaquinlois.com\/proyectoclarin\/?s={search_term_string}"},"query-input":{"@type":"PropertyValueSpecification","valueRequired":true,"valueName":"search_term_string"}}],"inLanguage":"es"}]}},"_links":{"self":[{"href":"https:\/\/joaquinlois.com\/proyectoclarin\/wp-json\/wp\/v2\/pages\/78","targetHints":{"allow":["GET"]}}],"collection":[{"href":"https:\/\/joaquinlois.com\/proyectoclarin\/wp-json\/wp\/v2\/pages"}],"about":[{"href":"https:\/\/joaquinlois.com\/proyectoclarin\/wp-json\/wp\/v2\/types\/page"}],"author":[{"embeddable":true,"href":"https:\/\/joaquinlois.com\/proyectoclarin\/wp-json\/wp\/v2\/users\/1"}],"replies":[{"embeddable":true,"href":"https:\/\/joaquinlois.com\/proyectoclarin\/wp-json\/wp\/v2\/comments?post=78"}],"version-history":[{"count":3,"href":"https:\/\/joaquinlois.com\/proyectoclarin\/wp-json\/wp\/v2\/pages\/78\/revisions"}],"predecessor-version":[{"id":1169,"href":"https:\/\/joaquinlois.com\/proyectoclarin\/wp-json\/wp\/v2\/pages\/78\/revisions\/1169"}],"wp:attachment":[{"href":"https:\/\/joaquinlois.com\/proyectoclarin\/wp-json\/wp\/v2\/media?parent=78"}],"curies":[{"name":"wp","href":"https:\/\/api.w.org\/{rel}","templated":true}]}}