{"id":950,"date":"2018-12-07T20:05:17","date_gmt":"2018-12-07T20:05:17","guid":{"rendered":"https:\/\/www.joaquinlois.com\/organo-catedral-segovia\/?page_id=950"},"modified":"2018-12-07T20:05:17","modified_gmt":"2018-12-07T20:05:17","slug":"restauracion-del-mueble","status":"publish","type":"page","link":"https:\/\/joaquinlois.com\/organo-catedral-segovia\/restauracion-del-mueble\/","title":{"rendered":"Restauraci\u00f3n del mueble"},"content":{"rendered":"<p>La restauraci\u00f3n del mueble es un cap\u00edtulo fundamental en el conjunto de la restauraci\u00f3n de este \u00f3rgano.<\/p>\n<p>Sus dimensiones y calidad de su arquitectura y ornamentaci\u00f3n adquieren un peso important\u00edsimo en la intervenci\u00f3n as\u00ed como su presencia en la propia catedral.<\/p>\n<p>Construido el mueble por Juan Maurat simult\u00e1neamente al \u00f3rgano. Figura en el contrato los pormenores de la construcci\u00f3n.<\/p>\n<p>Simult\u00e1neamente a la construcci\u00f3n y decoraci\u00f3n de \u00e9ste \u00f3rgano se dor\u00f3 y policrom\u00f3 el de la Ep\u00edstola que hasta entonces estaba \u00aben blanco\u00bb.<\/p>\n<p>La estructura sigue firme despu\u00e9s de 250 a\u00f1os la ornamentaci\u00f3n si bien acusa el paso de los a\u00f1os lo hace de forma muy digna y sin haber perdido nada de su explendor.<\/p>\n<p>Construida y decorada a imagen del de la Ep\u00edstola pero desde luego no id\u00e9ntica ya que se indica que debe de tener la ornamentaci\u00f3n que se estila en ese momento, aunque no se puede evitar que pocos a\u00f1os despu\u00e9s sea tachada de arcaica y hasta de mal gusto.<\/p>\n<p>Desde nuestra perspectiva actual, ya libre del debate estil\u00edstico sobre la \u00abactualidad\u00bb , los dos muebles forman un conjunto de indiscutible calidad y belleza.<\/p>\n<p>Ambos muebles sufrieron\u00a0 una intervenci\u00f3n al reformarse el coro seg\u00fan el proyecto de Ventura Rodr\u00edguez ya que el muro exterior del mismo se recreci\u00f3 hasta la altura actual por lo que hubo que cercenar los dos muebles en su cara posterior con consecuencias est\u00e9ticas y t\u00e9cnicas para los dos \u00f3rganos, si bien se resolvi\u00f3 de forma muy eficaz.<\/p>\n<p>El proceso de restauraci\u00f3n lo seguimos paso a paso.<\/p>\n","protected":false},"excerpt":{"rendered":"<p>La restauraci\u00f3n del mueble es un cap\u00edtulo fundamental en el conjunto de la restauraci\u00f3n de este \u00f3rgano. Sus dimensiones y calidad de su arquitectura y ornamentaci\u00f3n adquieren un peso important\u00edsimo en la intervenci\u00f3n as\u00ed como su presencia en la propia catedral. Construido el mueble por Juan Maurat simult\u00e1neamente al \u00f3rgano. Figura en el contrato los [&hellip;]<\/p>\n","protected":false},"author":2,"featured_media":0,"parent":0,"menu_order":0,"comment_status":"closed","ping_status":"closed","template":"","meta":{"_acf_changed":false,"footnotes":""},"class_list":["post-950","page","type-page","status-publish","hentry"],"acf":[],"yoast_head":"<!-- This site is optimized with the Yoast SEO plugin v27.3 - https:\/\/yoast.com\/product\/yoast-seo-wordpress\/ -->\n<title>Restauraci\u00f3n del mueble - \u00d3rgano del evangelio de la Catedral de Segovia<\/title>\n<meta name=\"robots\" content=\"index, follow, max-snippet:-1, max-image-preview:large, max-video-preview:-1\" \/>\n<link rel=\"canonical\" href=\"https:\/\/www.joaquinlois.com\/organo-catedral-segovia\/restauracion-del-mueble\/\" \/>\n<meta property=\"og:locale\" content=\"es_ES\" \/>\n<meta property=\"og:type\" content=\"article\" \/>\n<meta property=\"og:title\" content=\"Restauraci\u00f3n del mueble - \u00d3rgano del evangelio de la Catedral de Segovia\" \/>\n<meta property=\"og:description\" content=\"La restauraci\u00f3n del mueble es un cap\u00edtulo fundamental en el conjunto de la restauraci\u00f3n de este \u00f3rgano. Sus dimensiones y calidad de su arquitectura y ornamentaci\u00f3n adquieren un peso important\u00edsimo en la intervenci\u00f3n as\u00ed como su presencia en la propia catedral. Construido el mueble por Juan Maurat simult\u00e1neamente al \u00f3rgano. Figura en el contrato los [&hellip;]\" \/>\n<meta property=\"og:url\" content=\"https:\/\/www.joaquinlois.com\/organo-catedral-segovia\/restauracion-del-mueble\/\" \/>\n<meta property=\"og:site_name\" content=\"\u00d3rgano del evangelio de la Catedral de Segovia\" \/>\n<meta name=\"twitter:card\" content=\"summary_large_image\" \/>\n<meta name=\"twitter:label1\" content=\"Tiempo de lectura\" \/>\n\t<meta name=\"twitter:data1\" content=\"1 minuto\" \/>\n<script type=\"application\/ld+json\" class=\"yoast-schema-graph\">{\"@context\":\"https:\\\/\\\/schema.org\",\"@graph\":[{\"@type\":\"WebPage\",\"@id\":\"https:\\\/\\\/www.joaquinlois.com\\\/organo-catedral-segovia\\\/restauracion-del-mueble\\\/\",\"url\":\"https:\\\/\\\/www.joaquinlois.com\\\/organo-catedral-segovia\\\/restauracion-del-mueble\\\/\",\"name\":\"Restauraci\u00f3n del mueble - \u00d3rgano del evangelio de la Catedral de Segovia\",\"isPartOf\":{\"@id\":\"https:\\\/\\\/joaquinlois.com\\\/organo-catedral-segovia\\\/#website\"},\"datePublished\":\"2018-12-07T20:05:17+00:00\",\"inLanguage\":\"es\",\"potentialAction\":[{\"@type\":\"ReadAction\",\"target\":[\"https:\\\/\\\/www.joaquinlois.com\\\/organo-catedral-segovia\\\/restauracion-del-mueble\\\/\"]}]},{\"@type\":\"WebSite\",\"@id\":\"https:\\\/\\\/joaquinlois.com\\\/organo-catedral-segovia\\\/#website\",\"url\":\"https:\\\/\\\/joaquinlois.com\\\/organo-catedral-segovia\\\/\",\"name\":\"\u00d3rgano del evangelio de la Catedral de Segovia\",\"description\":\"Restauraci\u00f3n realizada por el taller de organer\u00eda Joaqu\u00edn Lois\",\"potentialAction\":[{\"@type\":\"SearchAction\",\"target\":{\"@type\":\"EntryPoint\",\"urlTemplate\":\"https:\\\/\\\/joaquinlois.com\\\/organo-catedral-segovia\\\/?s={search_term_string}\"},\"query-input\":{\"@type\":\"PropertyValueSpecification\",\"valueRequired\":true,\"valueName\":\"search_term_string\"}}],\"inLanguage\":\"es\"}]}<\/script>\n<!-- \/ Yoast SEO plugin. -->","yoast_head_json":{"title":"Restauraci\u00f3n del mueble - \u00d3rgano del evangelio de la Catedral de Segovia","robots":{"index":"index","follow":"follow","max-snippet":"max-snippet:-1","max-image-preview":"max-image-preview:large","max-video-preview":"max-video-preview:-1"},"canonical":"https:\/\/www.joaquinlois.com\/organo-catedral-segovia\/restauracion-del-mueble\/","og_locale":"es_ES","og_type":"article","og_title":"Restauraci\u00f3n del mueble - \u00d3rgano del evangelio de la Catedral de Segovia","og_description":"La restauraci\u00f3n del mueble es un cap\u00edtulo fundamental en el conjunto de la restauraci\u00f3n de este \u00f3rgano. Sus dimensiones y calidad de su arquitectura y ornamentaci\u00f3n adquieren un peso important\u00edsimo en la intervenci\u00f3n as\u00ed como su presencia en la propia catedral. Construido el mueble por Juan Maurat simult\u00e1neamente al \u00f3rgano. Figura en el contrato los [&hellip;]","og_url":"https:\/\/www.joaquinlois.com\/organo-catedral-segovia\/restauracion-del-mueble\/","og_site_name":"\u00d3rgano del evangelio de la Catedral de Segovia","twitter_card":"summary_large_image","twitter_misc":{"Tiempo de lectura":"1 minuto"},"schema":{"@context":"https:\/\/schema.org","@graph":[{"@type":"WebPage","@id":"https:\/\/www.joaquinlois.com\/organo-catedral-segovia\/restauracion-del-mueble\/","url":"https:\/\/www.joaquinlois.com\/organo-catedral-segovia\/restauracion-del-mueble\/","name":"Restauraci\u00f3n del mueble - \u00d3rgano del evangelio de la Catedral de Segovia","isPartOf":{"@id":"https:\/\/joaquinlois.com\/organo-catedral-segovia\/#website"},"datePublished":"2018-12-07T20:05:17+00:00","inLanguage":"es","potentialAction":[{"@type":"ReadAction","target":["https:\/\/www.joaquinlois.com\/organo-catedral-segovia\/restauracion-del-mueble\/"]}]},{"@type":"WebSite","@id":"https:\/\/joaquinlois.com\/organo-catedral-segovia\/#website","url":"https:\/\/joaquinlois.com\/organo-catedral-segovia\/","name":"\u00d3rgano del evangelio de la Catedral de Segovia","description":"Restauraci\u00f3n realizada por el taller de organer\u00eda Joaqu\u00edn Lois","potentialAction":[{"@type":"SearchAction","target":{"@type":"EntryPoint","urlTemplate":"https:\/\/joaquinlois.com\/organo-catedral-segovia\/?s={search_term_string}"},"query-input":{"@type":"PropertyValueSpecification","valueRequired":true,"valueName":"search_term_string"}}],"inLanguage":"es"}]}},"jetpack_sharing_enabled":true,"_links":{"self":[{"href":"https:\/\/joaquinlois.com\/organo-catedral-segovia\/wp-json\/wp\/v2\/pages\/950","targetHints":{"allow":["GET"]}}],"collection":[{"href":"https:\/\/joaquinlois.com\/organo-catedral-segovia\/wp-json\/wp\/v2\/pages"}],"about":[{"href":"https:\/\/joaquinlois.com\/organo-catedral-segovia\/wp-json\/wp\/v2\/types\/page"}],"author":[{"embeddable":true,"href":"https:\/\/joaquinlois.com\/organo-catedral-segovia\/wp-json\/wp\/v2\/users\/2"}],"replies":[{"embeddable":true,"href":"https:\/\/joaquinlois.com\/organo-catedral-segovia\/wp-json\/wp\/v2\/comments?post=950"}],"version-history":[{"count":0,"href":"https:\/\/joaquinlois.com\/organo-catedral-segovia\/wp-json\/wp\/v2\/pages\/950\/revisions"}],"wp:attachment":[{"href":"https:\/\/joaquinlois.com\/organo-catedral-segovia\/wp-json\/wp\/v2\/media?parent=950"}],"curies":[{"name":"wp","href":"https:\/\/api.w.org\/{rel}","templated":true}]}}