{"id":2863,"date":"2022-06-07T14:14:50","date_gmt":"2022-06-07T14:14:50","guid":{"rendered":"https:\/\/joaquinlois.com\/organo-catedral-segovia\/wp-content\/uploads\/sites\/2\/2020\/09\/6-Fijacion-policromia-angelito.jpg"},"modified":"2022-06-07T14:16:19","modified_gmt":"2022-06-07T14:16:19","slug":"6-fijacion-policromia-angelito","status":"inherit","type":"attachment","link":"https:\/\/joaquinlois.com\/organo-catedral-segovia\/intervencion-en-la-fachada-principal-del-mueble\/6-fijacion-policromia-angelito\/","title":{"rendered":"6-Fijaci\u00f3n-policromia-angelito"},"author":1,"featured_media":0,"comment_status":"open","ping_status":"closed","template":"","meta":{"_acf_changed":false},"categories":[1],"class_list":["post-2863","attachment","type-attachment","status-inherit","hentry","category-sin-categoria"],"acf":[],"yoast_head":"<!-- This site is optimized with the Yoast SEO plugin v27.3 - https:\/\/yoast.com\/product\/yoast-seo-wordpress\/ -->\n<title>6-Fijaci\u00f3n-policromia-angelito - \u00d3rgano del evangelio de la Catedral de Segovia<\/title>\n<meta name=\"robots\" content=\"index, follow, max-snippet:-1, max-image-preview:large, max-video-preview:-1\" \/>\n<link rel=\"canonical\" href=\"https:\/\/joaquinlois.com\/organo-catedral-segovia\/wp-content\/uploads\/sites\/2\/2020\/09\/6-Fijacion-policromia-angelito.jpg\" \/>\n<meta property=\"og:locale\" content=\"es_ES\" \/>\n<meta property=\"og:type\" content=\"article\" \/>\n<meta property=\"og:title\" content=\"6-Fijaci\u00f3n-policromia-angelito - \u00d3rgano del evangelio de la Catedral de Segovia\" \/>\n<meta property=\"og:description\" content=\"Fijaci\u00f3n de la policrom\u00eda de un angelito\" \/>\n<meta property=\"og:url\" content=\"https:\/\/joaquinlois.com\/organo-catedral-segovia\/wp-content\/uploads\/sites\/2\/2020\/09\/6-Fijacion-policromia-angelito.jpg\" \/>\n<meta property=\"og:site_name\" content=\"\u00d3rgano del evangelio de la Catedral de Segovia\" \/>\n<meta property=\"article:modified_time\" content=\"2022-06-07T14:16:19+00:00\" \/>\n<meta property=\"og:image\" content=\"https:\/\/joaquinlois.com\/organo-catedral-segovia\/wp-content\/uploads\/sites\/2\/2020\/09\/6-Fijacion-policromia-angelito.jpg\" \/>\n\t<meta property=\"og:image:width\" content=\"900\" \/>\n\t<meta property=\"og:image:height\" content=\"1200\" \/>\n\t<meta property=\"og:image:type\" content=\"image\/jpeg\" \/>\n<meta name=\"twitter:card\" content=\"summary_large_image\" \/>\n<script type=\"application\/ld+json\" class=\"yoast-schema-graph\">{\"@context\":\"https:\\\/\\\/schema.org\",\"@graph\":[{\"@type\":\"WebPage\",\"@id\":\"https:\\\/\\\/joaquinlois.com\\\/organo-catedral-segovia\\\/wp-content\\\/uploads\\\/sites\\\/2\\\/2020\\\/09\\\/6-Fijacion-policromia-angelito.jpg\",\"url\":\"https:\\\/\\\/joaquinlois.com\\\/organo-catedral-segovia\\\/wp-content\\\/uploads\\\/sites\\\/2\\\/2020\\\/09\\\/6-Fijacion-policromia-angelito.jpg\",\"name\":\"6-Fijaci\u00f3n-policromia-angelito - \u00d3rgano del evangelio de la Catedral de Segovia\",\"isPartOf\":{\"@id\":\"https:\\\/\\\/joaquinlois.com\\\/organo-catedral-segovia\\\/#website\"},\"datePublished\":\"2022-06-07T14:14:50+00:00\",\"dateModified\":\"2022-06-07T14:16:19+00:00\",\"breadcrumb\":{\"@id\":\"https:\\\/\\\/joaquinlois.com\\\/organo-catedral-segovia\\\/wp-content\\\/uploads\\\/sites\\\/2\\\/2020\\\/09\\\/6-Fijacion-policromia-angelito.jpg#breadcrumb\"},\"inLanguage\":\"es\",\"potentialAction\":[{\"@type\":\"ReadAction\",\"target\":[\"https:\\\/\\\/joaquinlois.com\\\/organo-catedral-segovia\\\/wp-content\\\/uploads\\\/sites\\\/2\\\/2020\\\/09\\\/6-Fijacion-policromia-angelito.jpg\"]}]},{\"@type\":\"BreadcrumbList\",\"@id\":\"https:\\\/\\\/joaquinlois.com\\\/organo-catedral-segovia\\\/wp-content\\\/uploads\\\/sites\\\/2\\\/2020\\\/09\\\/6-Fijacion-policromia-angelito.jpg#breadcrumb\",\"itemListElement\":[{\"@type\":\"ListItem\",\"position\":1,\"name\":\"Intervenci\u00f3n en la fachada principal del mueble\",\"item\":\"https:\\\/\\\/joaquinlois.com\\\/organo-catedral-segovia\\\/intervencion-en-la-fachada-principal-del-mueble\\\/\"},{\"@type\":\"ListItem\",\"position\":2,\"name\":\"6-Fijaci\u00f3n-policromia-angelito\"}]},{\"@type\":\"WebSite\",\"@id\":\"https:\\\/\\\/joaquinlois.com\\\/organo-catedral-segovia\\\/#website\",\"url\":\"https:\\\/\\\/joaquinlois.com\\\/organo-catedral-segovia\\\/\",\"name\":\"\u00d3rgano del evangelio de la Catedral de Segovia\",\"description\":\"Restauraci\u00f3n realizada por el taller de organer\u00eda Joaqu\u00edn Lois\",\"potentialAction\":[{\"@type\":\"SearchAction\",\"target\":{\"@type\":\"EntryPoint\",\"urlTemplate\":\"https:\\\/\\\/joaquinlois.com\\\/organo-catedral-segovia\\\/?s={search_term_string}\"},\"query-input\":{\"@type\":\"PropertyValueSpecification\",\"valueRequired\":true,\"valueName\":\"search_term_string\"}}],\"inLanguage\":\"es\"}]}<\/script>\n<!-- \/ Yoast SEO plugin. -->","yoast_head_json":{"title":"6-Fijaci\u00f3n-policromia-angelito - \u00d3rgano del evangelio de la Catedral de Segovia","robots":{"index":"index","follow":"follow","max-snippet":"max-snippet:-1","max-image-preview":"max-image-preview:large","max-video-preview":"max-video-preview:-1"},"canonical":"https:\/\/joaquinlois.com\/organo-catedral-segovia\/wp-content\/uploads\/sites\/2\/2020\/09\/6-Fijacion-policromia-angelito.jpg","og_locale":"es_ES","og_type":"article","og_title":"6-Fijaci\u00f3n-policromia-angelito - \u00d3rgano del evangelio de la Catedral de Segovia","og_description":"Fijaci\u00f3n de la policrom\u00eda de un angelito","og_url":"https:\/\/joaquinlois.com\/organo-catedral-segovia\/wp-content\/uploads\/sites\/2\/2020\/09\/6-Fijacion-policromia-angelito.jpg","og_site_name":"\u00d3rgano del evangelio de la Catedral de Segovia","article_modified_time":"2022-06-07T14:16:19+00:00","og_image":[{"width":900,"height":1200,"url":"https:\/\/joaquinlois.com\/organo-catedral-segovia\/wp-content\/uploads\/sites\/2\/2020\/09\/6-Fijacion-policromia-angelito.jpg","type":"image\/jpeg"}],"twitter_card":"summary_large_image","schema":{"@context":"https:\/\/schema.org","@graph":[{"@type":"WebPage","@id":"https:\/\/joaquinlois.com\/organo-catedral-segovia\/wp-content\/uploads\/sites\/2\/2020\/09\/6-Fijacion-policromia-angelito.jpg","url":"https:\/\/joaquinlois.com\/organo-catedral-segovia\/wp-content\/uploads\/sites\/2\/2020\/09\/6-Fijacion-policromia-angelito.jpg","name":"6-Fijaci\u00f3n-policromia-angelito - \u00d3rgano del evangelio de la Catedral de Segovia","isPartOf":{"@id":"https:\/\/joaquinlois.com\/organo-catedral-segovia\/#website"},"datePublished":"2022-06-07T14:14:50+00:00","dateModified":"2022-06-07T14:16:19+00:00","breadcrumb":{"@id":"https:\/\/joaquinlois.com\/organo-catedral-segovia\/wp-content\/uploads\/sites\/2\/2020\/09\/6-Fijacion-policromia-angelito.jpg#breadcrumb"},"inLanguage":"es","potentialAction":[{"@type":"ReadAction","target":["https:\/\/joaquinlois.com\/organo-catedral-segovia\/wp-content\/uploads\/sites\/2\/2020\/09\/6-Fijacion-policromia-angelito.jpg"]}]},{"@type":"BreadcrumbList","@id":"https:\/\/joaquinlois.com\/organo-catedral-segovia\/wp-content\/uploads\/sites\/2\/2020\/09\/6-Fijacion-policromia-angelito.jpg#breadcrumb","itemListElement":[{"@type":"ListItem","position":1,"name":"Intervenci\u00f3n en la fachada principal del mueble","item":"https:\/\/joaquinlois.com\/organo-catedral-segovia\/intervencion-en-la-fachada-principal-del-mueble\/"},{"@type":"ListItem","position":2,"name":"6-Fijaci\u00f3n-policromia-angelito"}]},{"@type":"WebSite","@id":"https:\/\/joaquinlois.com\/organo-catedral-segovia\/#website","url":"https:\/\/joaquinlois.com\/organo-catedral-segovia\/","name":"\u00d3rgano del evangelio de la Catedral de Segovia","description":"Restauraci\u00f3n realizada por el taller de organer\u00eda Joaqu\u00edn Lois","potentialAction":[{"@type":"SearchAction","target":{"@type":"EntryPoint","urlTemplate":"https:\/\/joaquinlois.com\/organo-catedral-segovia\/?s={search_term_string}"},"query-input":{"@type":"PropertyValueSpecification","valueRequired":true,"valueName":"search_term_string"}}],"inLanguage":"es"}]}},"jetpack_sharing_enabled":true,"description":{"rendered":"<p class=\"attachment\"><a href='https:\/\/joaquinlois.com\/organo-catedral-segovia\/wp-content\/uploads\/sites\/2\/2020\/09\/6-Fijacion-policromia-angelito.jpg'><img loading=\"lazy\" decoding=\"async\" width=\"225\" height=\"300\" src=\"https:\/\/joaquinlois.com\/organo-catedral-segovia\/wp-content\/uploads\/sites\/2\/2020\/09\/6-Fijacion-policromia-angelito-225x300.jpg\" class=\"attachment-medium size-medium\" alt=\"\" srcset=\"https:\/\/joaquinlois.com\/organo-catedral-segovia\/wp-content\/uploads\/sites\/2\/2020\/09\/6-Fijacion-policromia-angelito-225x300.jpg 225w, https:\/\/joaquinlois.com\/organo-catedral-segovia\/wp-content\/uploads\/sites\/2\/2020\/09\/6-Fijacion-policromia-angelito-768x1024.jpg 768w, https:\/\/joaquinlois.com\/organo-catedral-segovia\/wp-content\/uploads\/sites\/2\/2020\/09\/6-Fijacion-policromia-angelito.jpg 900w\" sizes=\"auto, (max-width: 225px) 100vw, 225px\" \/><\/a><\/p>\n"},"caption":{"rendered":"<p>Fijaci\u00f3n de la policrom\u00eda de un angelito<\/p>\n"},"alt_text":"","media_type":"image","mime_type":"image\/jpeg","media_details":{"width":900,"height":1200,"file":"2020\/09\/6-Fijacion-policromia-angelito.jpg","filesize":97195,"sizes":{"medium":{"file":"6-Fijacion-policromia-angelito-225x300.jpg","width":225,"height":300,"filesize":13494,"mime_type":"image\/jpeg","source_url":"https:\/\/joaquinlois.com\/organo-catedral-segovia\/wp-content\/uploads\/sites\/2\/2020\/09\/6-Fijacion-policromia-angelito-225x300.jpg"},"large":{"file":"6-Fijacion-policromia-angelito-768x1024.jpg","width":768,"height":1024,"filesize":111622,"mime_type":"image\/jpeg","source_url":"https:\/\/joaquinlois.com\/organo-catedral-segovia\/wp-content\/uploads\/sites\/2\/2020\/09\/6-Fijacion-policromia-angelito-768x1024.jpg"},"thumbnail":{"file":"6-Fijacion-policromia-angelito-150x150.jpg","width":150,"height":150,"filesize":5625,"mime_type":"image\/jpeg","source_url":"https:\/\/joaquinlois.com\/organo-catedral-segovia\/wp-content\/uploads\/sites\/2\/2020\/09\/6-Fijacion-policromia-angelito-150x150.jpg"},"medium_large":{"file":"6-Fijacion-policromia-angelito-768x1024.jpg","width":768,"height":1024,"filesize":111622,"mime_type":"image\/jpeg","source_url":"https:\/\/joaquinlois.com\/organo-catedral-segovia\/wp-content\/uploads\/sites\/2\/2020\/09\/6-Fijacion-policromia-angelito-768x1024.jpg"},"square":{"file":"6-Fijacion-policromia-angelito-400x400.jpg","width":400,"height":400,"filesize":26675,"mime_type":"image\/jpeg","source_url":"https:\/\/joaquinlois.com\/organo-catedral-segovia\/wp-content\/uploads\/sites\/2\/2020\/09\/6-Fijacion-policromia-angelito-400x400.jpg"},"full":{"file":"6-Fijacion-policromia-angelito.jpg","width":900,"height":1200,"mime_type":"image\/jpeg","source_url":"https:\/\/joaquinlois.com\/organo-catedral-segovia\/wp-content\/uploads\/sites\/2\/2020\/09\/6-Fijacion-policromia-angelito.jpg"}},"image_meta":{"aperture":"0","credit":"","camera":"","caption":"","created_timestamp":"0","copyright":"","focal_length":"0","iso":"0","shutter_speed":"0","title":"","orientation":"0","keywords":[],"lens":""}},"post":1930,"source_url":"https:\/\/joaquinlois.com\/organo-catedral-segovia\/wp-content\/uploads\/sites\/2\/2020\/09\/6-Fijacion-policromia-angelito.jpg","_links":{"self":[{"href":"https:\/\/joaquinlois.com\/organo-catedral-segovia\/wp-json\/wp\/v2\/media\/2863","targetHints":{"allow":["GET"]}}],"collection":[{"href":"https:\/\/joaquinlois.com\/organo-catedral-segovia\/wp-json\/wp\/v2\/media"}],"about":[{"href":"https:\/\/joaquinlois.com\/organo-catedral-segovia\/wp-json\/wp\/v2\/types\/attachment"}],"author":[{"embeddable":true,"href":"https:\/\/joaquinlois.com\/organo-catedral-segovia\/wp-json\/wp\/v2\/users\/1"}],"replies":[{"embeddable":true,"href":"https:\/\/joaquinlois.com\/organo-catedral-segovia\/wp-json\/wp\/v2\/comments?post=2863"}],"wp:term":[{"taxonomy":"category","embeddable":true,"href":"https:\/\/joaquinlois.com\/organo-catedral-segovia\/wp-json\/wp\/v2\/categories?post=2863"}],"wp:attached-to":[{"embeddable":true,"post_type":"post","id":1930,"href":"https:\/\/joaquinlois.com\/organo-catedral-segovia\/wp-json\/wp\/v2\/posts\/1930"}],"curies":[{"name":"wp","href":"https:\/\/api.w.org\/{rel}","templated":true}]}}